{"version":"1.0","provider_name":"JFG Wendelstein","provider_url":"https:\/\/www.jugendfussball-wendelstein.de\/wordpress","author_name":"Autor","author_url":"https:\/\/www.jugendfussball-wendelstein.de\/wordpress\/author\/autor\/","title":"\"Blues\" souver\u00e4n in die n\u00e4chste Runde  - JFG Wendelstein","type":"rich","width":600,"height":338,"html":"<blockquote class=\"wp-embedded-content\" data-secret=\"RORyOCgvJj\"><a href=\"https:\/\/www.jugendfussball-wendelstein.de\/wordpress\/blues-souveraen-in-die-naechste-runde\/\">&#8222;Blues&#8220; souver\u00e4n in die n\u00e4chste Runde<\/a><\/blockquote><iframe sandbox=\"allow-scripts\" security=\"restricted\" src=\"https:\/\/www.jugendfussball-wendelstein.de\/wordpress\/blues-souveraen-in-die-naechste-runde\/embed\/#?secret=RORyOCgvJj\" width=\"600\" height=\"338\" title=\"&#8222;&#8222;Blues&#8220; souver\u00e4n in die n\u00e4chste Runde&#8220; &#8211; JFG Wendelstein\" data-secret=\"RORyOCgvJj\" frameborder=\"0\" marginwidth=\"0\" marginheight=\"0\" scrolling=\"no\" class=\"wp-embedded-content\"><\/iframe><script type=\"text\/javascript\">\n\/* <![CDATA[ *\/\n\/*! This file is auto-generated *\/\n!function(d,l){\"use strict\";l.querySelector&&d.addEventListener&&\"undefined\"!=typeof URL&&(d.wp=d.wp||{},d.wp.receiveEmbedMessage||(d.wp.receiveEmbedMessage=function(e){var t=e.data;if((t||t.secret||t.message||t.value)&&!\/[^a-zA-Z0-9]\/.test(t.secret)){for(var s,r,n,a=l.querySelectorAll('iframe[data-secret=\"'+t.secret+'\"]'),o=l.querySelectorAll('blockquote[data-secret=\"'+t.secret+'\"]'),c=new RegExp(\"^https?:$\",\"i\"),i=0;i<o.length;i++)o[i].style.display=\"none\";for(i=0;i<a.length;i++)s=a[i],e.source===s.contentWindow&&(s.removeAttribute(\"style\"),\"height\"===t.message?(1e3<(r=parseInt(t.value,10))?r=1e3:~~r<200&&(r=200),s.height=r):\"link\"===t.message&&(r=new URL(s.getAttribute(\"src\")),n=new URL(t.value),c.test(n.protocol))&&n.host===r.host&&l.activeElement===s&&(d.top.location.href=t.value))}},d.addEventListener(\"message\",d.wp.receiveEmbedMessage,!1),l.addEventListener(\"DOMContentLoaded\",function(){for(var e,t,s=l.querySelectorAll(\"iframe.wp-embedded-content\"),r=0;r<s.length;r++)(t=(e=s[r]).getAttribute(\"data-secret\"))||(t=Math.random().toString(36).substring(2,12),e.src+=\"#?secret=\"+t,e.setAttribute(\"data-secret\",t)),e.contentWindow.postMessage({message:\"ready\",secret:t},\"*\")},!1)))}(window,document);\n\/* ]]> *\/\n<\/script>\n","description":"06.12.2014 : Beim Auftakt in die Hallenrunde noch nicht mit Glanz aber mit Souver\u00e4nit\u00e4t !! Ein lockerer Auftakt in der ersten Runde der diesj\u00e4hrigen HKMS, und das Chancenvergeb Spiel scheint in der Halle seine Fortsetzung zu finden J . Der hochambitionierte SV Seligenporten erschien mit seiner Jugendmannschaft aus Deutenbach heute gar nicht, somit war das [&hellip;]"}