{"version":"1.0","provider_name":"JFG Wendelstein","provider_url":"https:\/\/www.jugendfussball-wendelstein.de\/wordpress","author_name":"Autor","author_url":"https:\/\/www.jugendfussball-wendelstein.de\/wordpress\/author\/autor\/","title":"JFG Rothsee S\u00fcd \u2013 JFG (2:1) - JFG Wendelstein","type":"rich","width":600,"height":338,"html":"<blockquote class=\"wp-embedded-content\" data-secret=\"KwbqpkPF7I\"><a href=\"https:\/\/www.jugendfussball-wendelstein.de\/wordpress\/jfg-rothsee-sued-jfg-21\/\">JFG Rothsee S\u00fcd \u2013 JFG  (2:1)<\/a><\/blockquote><iframe sandbox=\"allow-scripts\" security=\"restricted\" src=\"https:\/\/www.jugendfussball-wendelstein.de\/wordpress\/jfg-rothsee-sued-jfg-21\/embed\/#?secret=KwbqpkPF7I\" width=\"600\" height=\"338\" title=\"&#8222;JFG Rothsee S\u00fcd \u2013 JFG  (2:1)&#8220; &#8211; JFG Wendelstein\" data-secret=\"KwbqpkPF7I\" frameborder=\"0\" marginwidth=\"0\" marginheight=\"0\" scrolling=\"no\" class=\"wp-embedded-content\"><\/iframe><script type=\"text\/javascript\">\n\/* <![CDATA[ *\/\n\/*! This file is auto-generated *\/\n!function(d,l){\"use strict\";l.querySelector&&d.addEventListener&&\"undefined\"!=typeof URL&&(d.wp=d.wp||{},d.wp.receiveEmbedMessage||(d.wp.receiveEmbedMessage=function(e){var t=e.data;if((t||t.secret||t.message||t.value)&&!\/[^a-zA-Z0-9]\/.test(t.secret)){for(var s,r,n,a=l.querySelectorAll('iframe[data-secret=\"'+t.secret+'\"]'),o=l.querySelectorAll('blockquote[data-secret=\"'+t.secret+'\"]'),c=new RegExp(\"^https?:$\",\"i\"),i=0;i<o.length;i++)o[i].style.display=\"none\";for(i=0;i<a.length;i++)s=a[i],e.source===s.contentWindow&&(s.removeAttribute(\"style\"),\"height\"===t.message?(1e3<(r=parseInt(t.value,10))?r=1e3:~~r<200&&(r=200),s.height=r):\"link\"===t.message&&(r=new URL(s.getAttribute(\"src\")),n=new URL(t.value),c.test(n.protocol))&&n.host===r.host&&l.activeElement===s&&(d.top.location.href=t.value))}},d.addEventListener(\"message\",d.wp.receiveEmbedMessage,!1),l.addEventListener(\"DOMContentLoaded\",function(){for(var e,t,s=l.querySelectorAll(\"iframe.wp-embedded-content\"),r=0;r<s.length;r++)(t=(e=s[r]).getAttribute(\"data-secret\"))||(t=Math.random().toString(36).substring(2,12),e.src+=\"#?secret=\"+t,e.setAttribute(\"data-secret\",t)),e.contentWindow.postMessage({message:\"ready\",secret:t},\"*\")},!1)))}(window,document);\n\/* ]]> *\/\n<\/script>\n","description":"19.9.14: Auftaktniederlage der 03er gegen die JFG Rothsee S\u00fcd Versp\u00e4tet starteten die 03er in die Kreisklassen Saison. Ein Neuanfang f\u00fcr Alle nach dem Abgang eines Schl\u00fcsselspielers in Richtung der Spvgg Greuther F\u00fcrth. Das Spiel begann versp\u00e4tet, da der junge Schiedsrichter die Onlinespielb\u00f6gen nicht bearbeiten konnte. Nach dem Anpfiff wurde der k\u00f6rperliche Unterschied zu den 2002er [&hellip;]"}